{"id":2786,"date":"2023-01-31T20:00:30","date_gmt":"2023-01-31T19:00:30","guid":{"rendered":"http:\/\/www.paulinemorin.com\/?page_id=2786"},"modified":"2024-02-23T09:38:17","modified_gmt":"2024-02-23T08:38:17","slug":"formation-2","status":"publish","type":"page","link":"https:\/\/www.paulinemorin.com\/index.php\/formation-2\/","title":{"rendered":"Formation priv\u00e9e pose en Gel"},"content":{"rendered":"<p><strong>\u00a0<img loading=\"lazy\" class=\"alignnone size-large wp-image-3771\" src=\"https:\/\/www.paulinemorin.com\/wp-content\/uploads\/2023\/01\/1-2-1024x1024.png\" alt=\"\" width=\"648\" height=\"648\" srcset=\"https:\/\/www.paulinemorin.com\/wp-content\/uploads\/2023\/01\/1-2-1024x1024.png 1024w, https:\/\/www.paulinemorin.com\/wp-content\/uploads\/2023\/01\/1-2-300x300.png 300w, https:\/\/www.paulinemorin.com\/wp-content\/uploads\/2023\/01\/1-2-150x150.png 150w, https:\/\/www.paulinemorin.com\/wp-content\/uploads\/2023\/01\/1-2-768x768.png 768w, https:\/\/www.paulinemorin.com\/wp-content\/uploads\/2023\/01\/1-2-1536x1536.png 1536w, https:\/\/www.paulinemorin.com\/wp-content\/uploads\/2023\/01\/1-2-60x60.png 60w, https:\/\/www.paulinemorin.com\/wp-content\/uploads\/2023\/01\/1-2.png 1620w\" sizes=\"(max-width: 648px) 100vw, 648px\" \/><\/strong><\/p>\n<p><strong>Pour qui?: <\/strong>Toute personne souhaitant acqu\u00e9rir les bases du m\u00e9tier de proth\u00e9siste ongulaire.<br \/>\n<strong>Vos pr\u00e9-requis :<\/strong>\u00a0Aucun.<br \/>\n<strong>Objectifs:\u00a0<\/strong>Apprendre diff\u00e9rentes techniques modernes et professionnelles de la pose en gel.<\/p>\n<blockquote><p><em>Vous aurez une prise en main et un suivi post-formation avec mes conseils et astuces bas\u00e9s sur 15 ann\u00e9es d&rsquo;exp\u00e9rience.<\/em><\/p><\/blockquote>\n<h2 id=\"deroulement-de-la-formation\" class=\"wp-block-heading\">D\u00e9roulement des jours de formation:<\/h2>\n<p>Pour la formation priv\u00e9e.<\/p>\n<div class=\"wp-block-columns is-layout-flex wp-container-15\">\n<div class=\"wp-block-column is-layout-flow\">\n<p><strong>Jour 1 sur ongles naturels:<\/strong><\/p>\n<ul>\n<li>Remise du kit et livret de formation en gel.<\/li>\n<li class=\"has-text-align-justify has-small-font-size\">Th\u00e9orie, maladies et morphologies de l\u2019ongle, hygi\u00e8ne, s\u00e9curit\u00e9 &amp; l\u00e9gislation.<\/li>\n<li class=\"has-text-align-justify has-small-font-size\">D\u00e9couverte &amp; apprentissage des diff\u00e9rents produits (explication de votre kit), types de produits de pr\u00e9paration, bases, gels (gainage, chablons, gel auto-\u00e9galisant, cover, clear\u2026)<\/li>\n<li>Pratique sur vous.<\/li>\n<li class=\"has-text-align-justify has-small-font-size\">Bilan de la premi\u00e8re journ\u00e9e.<\/li>\n<\/ul>\n<\/div>\n<div class=\"wp-block-column is-layout-flow\">\n<p class=\"has-small-font-size\"><strong>Jour 2 chablon:<\/strong><\/p>\n<ul>\n<li class=\"has-small-font-size\">D\u00e9couverte &amp; apprentissage d\u2019une premi\u00e8re forme: <em><strong>Le carr\u00e9<\/strong><\/em>.<\/li>\n<li class=\"has-small-font-size\">\u00a0Pr\u00e9paration de l\u2019ongle et des cuticules pour une tenue optimale.<\/li>\n<li class=\"has-small-font-size\">\u00a0D\u00e9coupe &amp; positionnement du chablon selon la forme de l\u2019ongle.<\/li>\n<li class=\"has-small-font-size\">\u00a0Apprentissage du squelette pour cr\u00e9er un rallongement chablon.<\/li>\n<li class=\"has-small-font-size\">\u00a0Mise en forme \u00e0 la lime, ponceuse (d\u00e9tails des embouts &amp; de leurs fonctions).<\/li>\n<li class=\"has-small-font-size\">Apprentissage d\u2019une pose couleur, au plus pr\u00e8s des cuticules, de fa\u00e7on nette &amp; pr\u00e9cise.<\/li>\n<li class=\"has-small-font-size\">Pose d\u2019une finition.<\/li>\n<\/ul>\n<\/div>\n<div class=\"wp-block-column is-layout-flow\">\n<p class=\"has-text-align-justify\"><strong>Jour 3 chablon:<\/strong><\/p>\n<ul>\n<li class=\"has-text-align-justify\">D\u00e9couverte &amp; apprentissage d\u2019une nouvelle forme : <strong><em>L\u2019amande Classique ou Moderne.<\/em><\/strong><\/li>\n<li class=\"has-text-align-justify\">Apprentissage du squelette pour cr\u00e9er un rallongement chablon.<\/li>\n<li>Entra\u00eenement &amp; mise en situation sur mod\u00e8le.<\/li>\n<li class=\"has-text-align-justify\">Quizz de validation des connaissances<\/li>\n<li class=\"has-text-align-justify\">Evaluation finale.<\/li>\n<\/ul>\n<p>Vous souhaitez \u00eatre form\u00e9 un 4\u00e8me jour sur des capsules C-curve ? C&rsquo;est bien-s\u00fbr possible sur demande.<\/p>\n<p>&#8212;&#8212;&#8212;&#8212;&#8212;&#8212;&#8212;&#8212;&#8212;&#8212;&#8212;&#8212;&#8212;&#8211;<\/p>\n<\/div>\n<\/div>\n<p>Tout au long des jours de formation:<br \/>\n\u2013 Apprentissage &amp; application par l\u2019alternance de d\u00e9monstrations comment\u00e9es par la formatrice et d\u2019ateliers d\u2019applications pratiques pour l&rsquo;\u00e9l\u00e8ve.<\/p>\n<p><strong>Jour Bonus sur demande:<\/strong><br \/>\nApprentissage de la technique de remplissage et aussi technique approfondie de la d\u00e9pose.<\/p>\n<p>1 Jour bonus 550\u20ac htva (de 10H \u00e0 15H)<\/p>\n<p><strong>Jour Bonus sur demande:<\/strong><\/p>\n<p><strong>Commencez votre activit\u00e9 sereinement: <\/strong>Mise en place de votre site internet, r\u00e9seaux sociaux, tarifs, logo&#8230;<strong>Sur Devis<\/strong><\/p>\n<p>&#8212;&#8212;&#8212;&#8212;&#8212;&#8212;&#8212;&#8212;&#8212;&#8212;&#8212;&#8212;&#8212;&#8211;<\/p>\n<p>Prix des 3 jours de formation de base en gel: <strong>1550\u20ac htva<\/strong><\/p>\n<p>&nbsp;<\/p>\n<p>La formation commence \u00e0 10h jusqu&rsquo;\u00e0 16h. Pr\u00e9voyez de quoi d\u00e9jeuner le midi (1\/2 h de pause)<\/p>\n<p>Vous recevez un livret de formation le premier jour et un certificat de formation le dernier jour.<\/p>\n<p>Je vous donnerai mes conseils et astuces tout au long de la formation et m\u00eame apr\u00e8s.<\/p>\n<p>Je vous fournis les mod\u00e8les pour vos jours de formation.<\/p>\n<p>Possibilit\u00e9 d\u2019\u00e9chelonner votre formation en plusieurs paiements tant que le solde est vers\u00e9 le premier jour de formation.<\/p>\n<p>Un acompte de 50% est demand\u00e9 pour toute r\u00e9servation de formation. Celui-ci constitue une garantie de l\u2019\u00e9l\u00e8ve \u00e0 s\u2019engager \u00e0 suivre ses cours.<\/p>\n<p>L\u2019acompte sera perdu si l\u2019\u00e9l\u00e8ve se r\u00e9tracte \u00e0 faire sa formation apr\u00e8s paiement de celui-ci quelqu\u2019en soit la raison.<\/p>\n<p>La formation peut toutefois \u00eatre report\u00e9e jusqu\u2019\u00e0 maximum 2 mois apr\u00e8s paiement de l\u2019acompte.<\/p>\n<p>\u00c0 tr\u00e8s bient\u00f4t.<\/p>\n<p><strong><img loading=\"lazy\" class=\"alignnone size-large wp-image-3770\" src=\"https:\/\/www.paulinemorin.com\/wp-content\/uploads\/2023\/01\/2-3-1024x1024.png\" alt=\"\" width=\"648\" height=\"648\" srcset=\"https:\/\/www.paulinemorin.com\/wp-content\/uploads\/2023\/01\/2-3-1024x1024.png 1024w, https:\/\/www.paulinemorin.com\/wp-content\/uploads\/2023\/01\/2-3-300x300.png 300w, https:\/\/www.paulinemorin.com\/wp-content\/uploads\/2023\/01\/2-3-150x150.png 150w, https:\/\/www.paulinemorin.com\/wp-content\/uploads\/2023\/01\/2-3-768x768.png 768w, https:\/\/www.paulinemorin.com\/wp-content\/uploads\/2023\/01\/2-3-1536x1536.png 1536w, https:\/\/www.paulinemorin.com\/wp-content\/uploads\/2023\/01\/2-3-60x60.png 60w, https:\/\/www.paulinemorin.com\/wp-content\/uploads\/2023\/01\/2-3.png 1620w\" sizes=\"(max-width: 648px) 100vw, 648px\" \/><\/strong><\/p>\n<p>Pauline<\/p>\n<p>&#8212;&#8212;&#8212;&#8212;&#8212;&#8212;&#8212;&#8212;&#8212;&#8212;&#8212;&#8212;&#8212;&#8211;<\/p>\n<p>&nbsp;<\/p>\n<p>&nbsp;<\/p>\n<p>&nbsp;<\/p>\n<p>&nbsp;<\/p>\n<p>&nbsp;<\/p>\n<p>&nbsp;<\/p>\n","protected":false},"excerpt":{"rendered":"<p>\u00a0 Pour qui?: Toute personne souhaitant acqu\u00e9rir les bases du m\u00e9tier de proth\u00e9siste ongulaire. Vos pr\u00e9-requis :\u00a0Aucun. Objectifs:\u00a0Apprendre diff\u00e9rentes techniques modernes et professionnelles de la pose en gel. Vous aurez une prise en main et un suivi post-formation avec mes conseils et astuces bas\u00e9s sur 15 ann\u00e9es d&rsquo;exp\u00e9rience. D\u00e9roulement des jours de formation: Pour la [&hellip;]<\/p>\n","protected":false},"author":1,"featured_media":0,"parent":0,"menu_order":0,"comment_status":"closed","ping_status":"closed","template":"","meta":[],"_links":{"self":[{"href":"https:\/\/www.paulinemorin.com\/index.php\/wp-json\/wp\/v2\/pages\/2786"}],"collection":[{"href":"https:\/\/www.paulinemorin.com\/index.php\/wp-json\/wp\/v2\/pages"}],"about":[{"href":"https:\/\/www.paulinemorin.com\/index.php\/wp-json\/wp\/v2\/types\/page"}],"author":[{"embeddable":true,"href":"https:\/\/www.paulinemorin.com\/index.php\/wp-json\/wp\/v2\/users\/1"}],"replies":[{"embeddable":true,"href":"https:\/\/www.paulinemorin.com\/index.php\/wp-json\/wp\/v2\/comments?post=2786"}],"version-history":[{"count":21,"href":"https:\/\/www.paulinemorin.com\/index.php\/wp-json\/wp\/v2\/pages\/2786\/revisions"}],"predecessor-version":[{"id":4840,"href":"https:\/\/www.paulinemorin.com\/index.php\/wp-json\/wp\/v2\/pages\/2786\/revisions\/4840"}],"wp:attachment":[{"href":"https:\/\/www.paulinemorin.com\/index.php\/wp-json\/wp\/v2\/media?parent=2786"}],"curies":[{"name":"wp","href":"https:\/\/api.w.org\/{rel}","templated":true}]}}